 {"id":6878,"date":"2021-02-19T17:15:59","date_gmt":"2021-02-19T20:15:59","guid":{"rendered":"https:\/\/cmsucupiradoriachao.ma.gov.br\/transparencia\/?page_id=6878"},"modified":"2023-11-28T16:31:04","modified_gmt":"2023-11-28T19:31:04","slug":"cotas-parlamentares","status":"publish","type":"page","link":"https:\/\/cmsucupiradoriachao.ma.gov.br\/transparencia\/cotas-parlamentares\/","title":{"rendered":"Cotas Parlamentares"},"content":{"rendered":"<p>Acesse as Cotas Parlamentares da C\u00e2mara Municipal &#8211; Divulga\u00e7\u00e3o a legisla\u00e7\u00e3o relacionada a gastos dos parlamentares<\/p>\n<div id=\"footable_parent_11661\"\n         class=\" footable_parent ninja_table_wrapper loading_ninja_table wp_table_data_press_parent semantic_ui colored_table\">\n                <table data-ninja_table_instance=\"ninja_table_instance_0\" data-footable_id=\"11661\" data-filter-delay=\"1000\" aria-label=\"Cotas Parlamentares\"            id=\"footable_11661\"\n           data-unique_identifier=\"ninja_table_unique_id_206226022_11661\"\n           class=\" foo-table ninja_footable foo_table_11661 ninja_table_unique_id_206226022_11661 ui table  white nt_type_legacy_table selectable striped vertical_centered inverted footable-paging-right ninja_table_pro ninja_table_afd_inline ninja_table_has_custom_filter\">\n                <colgroup>\n                            <col class=\"ninja_column_0 \">\n                            <col class=\"ninja_column_1 \">\n                            <col class=\"ninja_column_2 \">\n                            <col class=\"ninja_column_3 \">\n                            <col class=\"ninja_column_4 \">\n                    <\/colgroup>\n        <thead>\n<tr class=\"footable-header\">\n                                                                                        <th scope=\"col\"  class=\"ninja_column_0 ninja_clmn_nm_posttitle \">Descri\u00e7\u00e3o<\/th><th scope=\"col\"  class=\"ninja_column_1 ninja_clmn_nm_postdate \">Data da Publica\u00e7\u00e3o<\/th><th scope=\"col\"  class=\"ninja_column_2 ninja_clmn_nm_postano \">Ano<\/th><th scope=\"col\"  class=\"ninja_column_3 ninja_clmn_nm_postmes \">M\u00eas<\/th><th scope=\"col\"  class=\"ninja_column_4 ninja_clmn_nm_download \">Download<\/th><\/tr>\n<\/thead>\n<tbody>\n\n        <tr data-row_id=\"0\" class=\"ninja_table_row_0 nt_row_id_0\">\n            <td>DECLARA\u00c7\u00c3O COTAS PARLAMENTARES (FEVEREIRO 2026)<\/td><td>02\/03\/2026<\/td><td>2026<\/td><td>mar\u00e7o<\/td><td><a target=\"_blank\"  class=\"nt_btn nt_rounded_btn\" style=\"color: rgba(250, 250, 250, 1);background-color: rgba(19, 191, 151, 1);border-color: rgba(19, 191, 151, 1);\" rel=\"\" href=\"https:\/\/cmsucupiradoriachao.ma.gov.br\/transparencia\/wp-content\/uploads\/2026\/03\/Declaracao_Cotas_FEVEREIRO_2026_assinado.pdf\">Download<\/a><\/td>        <\/tr>\n            <tr data-row_id=\"1\" class=\"ninja_table_row_1 nt_row_id_1\">\n            <td>DECLARA\u00c7\u00c3O COTAS PARLAMENTARES (JANEIRO 2026)<\/td><td>02\/02\/2026<\/td><td>2026<\/td><td>fevereiro<\/td><td><a target=\"_blank\"  class=\"nt_btn nt_rounded_btn\" style=\"color: rgba(250, 250, 250, 1);background-color: rgba(19, 191, 151, 1);border-color: rgba(19, 191, 151, 1);\" rel=\"\" href=\"https:\/\/cmsucupiradoriachao.ma.gov.br\/transparencia\/wp-content\/uploads\/2026\/03\/Declaracao_Cotas_JANEIRO_2026_assinado.pdf\">Download<\/a><\/td>        <\/tr>\n            <tr data-row_id=\"2\" class=\"ninja_table_row_2 nt_row_id_2\">\n            <td>DECLARA\u00c7\u00c3O COTAS PARLAMENTARES (DEZEMBRO 2025)<\/td><td>26\/01\/2026<\/td><td>2025<\/td><td>dezembro<\/td><td><a target=\"_blank\"  class=\"nt_btn nt_rounded_btn\" style=\"color: rgba(250, 250, 250, 1);background-color: rgba(19, 191, 151, 1);border-color: rgba(19, 191, 151, 1);\" rel=\"\" href=\"https:\/\/cmsucupiradoriachao.ma.gov.br\/transparencia\/wp-content\/uploads\/2026\/01\/Declaracao_Cotas_DEZEMBRO_2025_assinado.pdf\">Download<\/a><\/td>        <\/tr>\n            <tr data-row_id=\"3\" class=\"ninja_table_row_3 nt_row_id_3\">\n            <td>DECLARA\u00c7\u00c3O COTAS PARLAMENTARES (NOVEMBRO 2025)<\/td><td>08\/12\/2025<\/td><td>2025<\/td><td>novembro<\/td><td><a target=\"_blank\"  class=\"nt_btn nt_rounded_btn\" style=\"color: rgba(250, 250, 250, 1);background-color: rgba(19, 191, 151, 1);border-color: rgba(19, 191, 151, 1);\" rel=\"\" href=\"https:\/\/cmsucupiradoriachao.ma.gov.br\/transparencia\/wp-content\/uploads\/2025\/12\/Declaracao_Cotas_NOVEMBRO_2025_assinado.pdf\">Download<\/a><\/td>        <\/tr>\n            <tr data-row_id=\"4\" class=\"ninja_table_row_4 nt_row_id_4\">\n            <td>DECLARA\u00c7\u00c3O COTAS PARLAMENTARES (OUTUBRO 2025)<\/td><td>03\/11\/2025<\/td><td>2025<\/td><td>novembro<\/td><td><a target=\"_blank\"  class=\"nt_btn nt_rounded_btn\" style=\"color: rgba(250, 250, 250, 1);background-color: rgba(19, 191, 151, 1);border-color: rgba(19, 191, 151, 1);\" rel=\"\" href=\"https:\/\/cmsucupiradoriachao.ma.gov.br\/transparencia\/wp-content\/uploads\/2025\/12\/Declaracao_Cotas_OUTUBRO_2025_assinado.pdf\">Download<\/a><\/td>        <\/tr>\n            <tr data-row_id=\"5\" class=\"ninja_table_row_5 nt_row_id_5\">\n            <td>DECLARA\u00c7\u00c3O COTAS PARLAMENTARES (SETEMBRO 2025)<\/td><td>02\/10\/2025<\/td><td>2025<\/td><td>setembro<\/td><td><a target=\"_blank\"  class=\"nt_btn nt_rounded_btn\" style=\"color: rgba(250, 250, 250, 1);background-color: rgba(19, 191, 151, 1);border-color: rgba(19, 191, 151, 1);\" rel=\"\" href=\"https:\/\/cmsucupiradoriachao.ma.gov.br\/transparencia\/wp-content\/uploads\/2025\/10\/Declaracao_Cotas_SETEMBRO_2025_assinado.pdf\">Download<\/a><\/td>        <\/tr>\n            <tr data-row_id=\"6\" class=\"ninja_table_row_6 nt_row_id_6\">\n            <td>DECLARA\u00c7\u00c3O COTAS PARLAMENTARES (AGOSTO 2025)<\/td><td>05\/09\/2025<\/td><td>2025<\/td><td>agosto<\/td><td><a target=\"_blank\"  class=\"nt_btn nt_rounded_btn\" style=\"color: rgba(250, 250, 250, 1);background-color: rgba(19, 191, 151, 1);border-color: rgba(19, 191, 151, 1);\" rel=\"\" href=\"https:\/\/cmsucupiradoriachao.ma.gov.br\/transparencia\/wp-content\/uploads\/2025\/09\/Declaracao_Cotas_AGOSTO_2025_assinado-1.pdf\">Download<\/a><\/td>        <\/tr>\n            <tr data-row_id=\"7\" class=\"ninja_table_row_7 nt_row_id_7\">\n            <td>DECLARA\u00c7\u00c3O COTAS PARLAMENTARES (JULHO 2025)<\/td><td>01\/08\/2025<\/td><td>2025<\/td><td><\/td><td><a target=\"_blank\"  class=\"nt_btn nt_rounded_btn\" style=\"color: rgba(250, 250, 250, 1);background-color: rgba(19, 191, 151, 1);border-color: rgba(19, 191, 151, 1);\" rel=\"\" href=\"https:\/\/cmsucupiradoriachao.ma.gov.br\/transparencia\/wp-content\/uploads\/2025\/08\/Declaracao_Cotas_JULHO_2025_assinado-1.pdf\">Download<\/a><\/td>        <\/tr>\n            <tr data-row_id=\"8\" class=\"ninja_table_row_8 nt_row_id_8\">\n            <td>DECLARA\u00c7\u00c3O COTAS PARLAMENTARES (JUNHO 2025)<\/td><td>01\/07\/2025<\/td><td>2025<\/td><td>junho<\/td><td><a target=\"_blank\"  class=\"nt_btn nt_rounded_btn\" style=\"color: rgba(250, 250, 250, 1);background-color: rgba(19, 191, 151, 1);border-color: rgba(19, 191, 151, 1);\" rel=\"\" href=\"https:\/\/cmsucupiradoriachao.ma.gov.br\/transparencia\/wp-content\/uploads\/2025\/07\/Declaracao_Cotas_JUNHO_2025_assinado.pdf\">Download<\/a><\/td>        <\/tr>\n            <tr data-row_id=\"9\" class=\"ninja_table_row_9 nt_row_id_9\">\n            <td>DECLARA\u00c7\u00c3O COTAS PARLAMENTARES (MAIO 2025)<\/td><td>06\/06\/2025<\/td><td>2025<\/td><td>maio<\/td><td><a target=\"_blank\"  class=\"nt_btn nt_rounded_btn\" style=\"color: rgba(250, 250, 250, 1);background-color: rgba(19, 191, 151, 1);border-color: rgba(19, 191, 151, 1);\" rel=\"\" href=\"https:\/\/cmsucupiradoriachao.ma.gov.br\/transparencia\/wp-content\/uploads\/2025\/06\/Declaracao_Cotas_MAIO_assinado.pdf\">Download<\/a><\/td>        <\/tr>\n            <tr data-row_id=\"10\" class=\"ninja_table_row_10 nt_row_id_10\">\n            <td>DECLARA\u00c7\u00c3O COTAS PARLAMENTARES (MAR\u00c7O 2025)<\/td><td>04\/04\/2025<\/td><td>2025<\/td><td>mar\u00e7o<\/td><td><a target=\"_blank\"  class=\"nt_btn nt_rounded_btn\" style=\"color: rgba(250, 250, 250, 1);background-color: rgba(19, 191, 151, 1);border-color: rgba(19, 191, 151, 1);\" rel=\"\" href=\"https:\/\/cmsucupiradoriachao.ma.gov.br\/transparencia\/wp-content\/uploads\/2025\/04\/Declaracao_Cotas_MARCO_assinado.pdf\">Download<\/a><\/td>        <\/tr>\n            <tr data-row_id=\"11\" class=\"ninja_table_row_11 nt_row_id_11\">\n            <td>DECLARA\u00c7\u00c3O COTAS PARLAMENTARES (FEVEREIRO 2025)<\/td><td>03\/03\/2025<\/td><td>2025<\/td><td>fevereiro<\/td><td><a target=\"_blank\"  class=\"nt_btn nt_rounded_btn\" style=\"color: rgba(250, 250, 250, 1);background-color: rgba(19, 191, 151, 1);border-color: rgba(19, 191, 151, 1);\" rel=\"\" href=\"https:\/\/cmsucupiradoriachao.ma.gov.br\/transparencia\/wp-content\/uploads\/2025\/03\/02-Declaracao_Cotas_assinado-fevereiro.pdf\">Download<\/a><\/td>        <\/tr>\n            <tr data-row_id=\"12\" class=\"ninja_table_row_12 nt_row_id_12\">\n            <td>DECLARA\u00c7\u00c3O GASTOS PARLAMENTARES (JANEIRO 2025)<\/td><td>31\/01\/2025<\/td><td>2025<\/td><td>janeiro<\/td><td><a target=\"_blank\"  class=\"nt_btn nt_rounded_btn\" style=\"color: rgba(250, 250, 250, 1);background-color: rgba(19, 191, 151, 1);border-color: rgba(19, 191, 151, 1);\" rel=\"\" href=\"https:\/\/cmsucupiradoriachao.ma.gov.br\/transparencia\/wp-content\/uploads\/2025\/02\/Declaracao_de_Gastos_Parlamentares_assinado.pdf\">Download<\/a><\/td>        <\/tr>\n            <tr data-row_id=\"13\" class=\"ninja_table_row_13 nt_row_id_13\">\n            <td>DECLARA\u00c7\u00c3O COTAS PARLAMENTARES (JANEIRO 2025)<\/td><td>31\/01\/2025<\/td><td>2025<\/td><td>janeiro<\/td><td><a target=\"_blank\"  class=\"nt_btn nt_rounded_btn\" style=\"color: rgba(250, 250, 250, 1);background-color: rgba(19, 191, 151, 1);border-color: rgba(19, 191, 151, 1);\" rel=\"\" href=\"https:\/\/cmsucupiradoriachao.ma.gov.br\/transparencia\/wp-content\/uploads\/2025\/02\/Declaracao_Cotas_assinado.pdf\">Download<\/a><\/td>        <\/tr>\n            <tr data-row_id=\"14\" class=\"ninja_table_row_14 nt_row_id_14\">\n            <td>DECLARA\u00c7\u00c3O COTAS PARLAMENTARES (DEZEMBRO 2024)<\/td><td>02\/01\/2025<\/td><td>2024<\/td><td>janeiro<\/td><td><a target=\"_blank\"  class=\"nt_btn nt_rounded_btn\" style=\"color: rgba(250, 250, 250, 1);background-color: rgba(19, 191, 151, 1);border-color: rgba(19, 191, 151, 1);\" rel=\"\" href=\"https:\/\/cmsucupiradoriachao.ma.gov.br\/transparencia\/wp-content\/uploads\/2025\/02\/Declaracao_Cotas_Dezembro_assinado.pdf\">Download<\/a><\/td>        <\/tr>\n            <tr data-row_id=\"15\" class=\"ninja_table_row_15 nt_row_id_15\">\n            <td>DECLARA\u00c7\u00c3O COTAS PARLAMENTARES (NOVEMBRO 2024)<\/td><td>04\/12\/2024<\/td><td>2024<\/td><td>novembro<\/td><td><a target=\"_blank\"  class=\"nt_btn nt_rounded_btn\" style=\"color: rgba(250, 250, 250, 1);background-color: rgba(19, 191, 151, 1);border-color: rgba(19, 191, 151, 1);\" rel=\"\" href=\"https:\/\/cmsucupiradoriachao.ma.gov.br\/transparencia\/wp-content\/uploads\/2024\/12\/DECLARACAO_COTAS_assinado-4.pdf\">Download<\/a><\/td>        <\/tr>\n            <tr data-row_id=\"16\" class=\"ninja_table_row_16 nt_row_id_16\">\n            <td>DECLARA\u00c7\u00c3O COTAS PARLAMENTARES (OUTUBRO 2024)<\/td><td>04\/11\/2024<\/td><td>2024<\/td><td>outubro<\/td><td><a target=\"_blank\"  class=\"nt_btn nt_rounded_btn\" style=\"color: rgba(250, 250, 250, 1);background-color: rgba(19, 191, 151, 1);border-color: rgba(19, 191, 151, 1);\" rel=\"\" href=\"https:\/\/cmsucupiradoriachao.ma.gov.br\/transparencia\/wp-content\/uploads\/2024\/11\/DECLARACAO_COTAS_assinado-1-1.pdf\">Download<\/a><\/td>        <\/tr>\n            <tr data-row_id=\"17\" class=\"ninja_table_row_17 nt_row_id_17\">\n            <td>DECLARA\u00c7\u00c3O COTAS PARLAMENTARES (SETEMBRO 2024)<\/td><td>03\/10\/2024<\/td><td>2024<\/td><td>setembro<\/td><td><a target=\"_blank\"  class=\"nt_btn nt_rounded_btn\" style=\"color: rgba(250, 250, 250, 1);background-color: rgba(19, 191, 151, 1);border-color: rgba(19, 191, 151, 1);\" rel=\"\" href=\"https:\/\/cmsucupiradoriachao.ma.gov.br\/transparencia\/wp-content\/uploads\/2024\/10\/DECLARACAO_COTAS_assinado.pdf\">Download<\/a><\/td>        <\/tr>\n            <tr data-row_id=\"18\" class=\"ninja_table_row_18 nt_row_id_18\">\n            <td>DECLARA\u00c7\u00c3O COTAS PARLAMENTARES (AGOSTO 2024)<\/td><td>02\/09\/2024<\/td><td>2024<\/td><td>agosto<\/td><td><a target=\"_blank\"  class=\"nt_btn nt_rounded_btn\" style=\"color: rgba(250, 250, 250, 1);background-color: rgba(19, 191, 151, 1);border-color: rgba(19, 191, 151, 1);\" rel=\"\" href=\"https:\/\/cmsucupiradoriachao.ma.gov.br\/transparencia\/wp-content\/uploads\/2024\/09\/DECLARACAO_COTAS_AGOSTO.pdf\">Download<\/a><\/td>        <\/tr>\n            <tr data-row_id=\"19\" class=\"ninja_table_row_19 nt_row_id_19\">\n            <td>DECLARA\u00c7\u00c3O COTAS PARLAMENTARES (JULHO 2024)<\/td><td>01\/08\/2024<\/td><td>2024<\/td><td>julho<\/td><td><a target=\"_blank\"  class=\"nt_btn nt_rounded_btn\" style=\"color: rgba(250, 250, 250, 1);background-color: rgba(19, 191, 151, 1);border-color: rgba(19, 191, 151, 1);\" rel=\"\" href=\"https:\/\/cmsucupiradoriachao.ma.gov.br\/transparencia\/wp-content\/uploads\/2024\/08\/07-DECLARACAO_COTAS_assinado-julho.pdf\">Download<\/a><\/td>        <\/tr>\n            <tr data-row_id=\"20\" class=\"ninja_table_row_20 nt_row_id_20\">\n            <td>DECLARA\u00c7\u00c3O COTAS PARLAMENTARES (JUNHO 2024)<\/td><td>19\/06\/2024<\/td><td>2024<\/td><td>junho<\/td><td><a target=\"_blank\"  class=\"nt_btn nt_rounded_btn\" style=\"color: rgba(250, 250, 250, 1);background-color: rgba(19, 191, 151, 1);border-color: rgba(19, 191, 151, 1);\" rel=\"\" href=\"https:\/\/cmsucupiradoriachao.ma.gov.br\/transparencia\/wp-content\/uploads\/2024\/06\/06-DECLARACAO-COTAS-PARLAMENTARES.pdf\">Download<\/a><\/td>        <\/tr>\n            <tr data-row_id=\"21\" class=\"ninja_table_row_21 nt_row_id_21\">\n            <td>DECLARA\u00c7\u00c3O COTAS PARLAMENTARES (MAIO 2024)<\/td><td>04\/06\/2024<\/td><td>2024<\/td><td>maio<\/td><td><a target=\"_blank\"  class=\"nt_btn nt_rounded_btn\" style=\"color: rgba(250, 250, 250, 1);background-color: rgba(19, 191, 151, 1);border-color: rgba(19, 191, 151, 1);\" rel=\"\" href=\"https:\/\/cmsucupiradoriachao.ma.gov.br\/transparencia\/wp-content\/uploads\/2024\/06\/DECLARACAO_COTAS_assinado-2.pdf\">Download<\/a><\/td>        <\/tr>\n            <tr data-row_id=\"22\" class=\"ninja_table_row_22 nt_row_id_22\">\n            <td>DECLARA\u00c7\u00c3O COTAS PARLAMENTARES (ABRIL 2024)<\/td><td>09\/05\/2024<\/td><td>2024<\/td><td>abril<\/td><td><a target=\"_blank\"  class=\"nt_btn nt_rounded_btn\" style=\"color: rgba(250, 250, 250, 1);background-color: rgba(19, 191, 151, 1);border-color: rgba(19, 191, 151, 1);\" rel=\"\" href=\"https:\/\/cmsucupiradoriachao.ma.gov.br\/transparencia\/wp-content\/uploads\/2024\/05\/04-DECLARACAO_COTAS_assinado-2.pdf\">Download<\/a><\/td>        <\/tr>\n            <tr data-row_id=\"23\" class=\"ninja_table_row_23 nt_row_id_23\">\n            <td>DECLARA\u00c7\u00c3O COTAS PARLAMENTARES (MAR\u00c7O 2024)<\/td><td>11\/04\/2024<\/td><td>2024<\/td><td>mar\u00e7o<\/td><td><a target=\"_blank\"  class=\"nt_btn nt_rounded_btn\" style=\"color: rgba(250, 250, 250, 1);background-color: rgba(19, 191, 151, 1);border-color: rgba(19, 191, 151, 1);\" rel=\"\" href=\"https:\/\/cmsucupiradoriachao.ma.gov.br\/transparencia\/wp-content\/uploads\/2024\/04\/03-DECLARACAO_COTAS-Parlamentares-Marco-de-2024-1.pdf\">Download<\/a><\/td>        <\/tr>\n            <tr data-row_id=\"24\" class=\"ninja_table_row_24 nt_row_id_24\">\n            <td>DECLARA\u00c7\u00c3O COTAS PARLAMENTARES (2022)<\/td><td>11\/03\/2024<\/td><td>2022<\/td><td><\/td><td><a target=\"_blank\"  class=\"nt_btn nt_rounded_btn\" style=\"color: rgba(250, 250, 250, 1);background-color: rgba(19, 191, 151, 1);border-color: rgba(19, 191, 151, 1);\" rel=\"\" href=\"https:\/\/cmsucupiradoriachao.ma.gov.br\/transparencia\/wp-content\/uploads\/2024\/03\/DECLARACAO-COTAS-2022.pdf\">Download<\/a><\/td>        <\/tr>\n            <tr data-row_id=\"25\" class=\"ninja_table_row_25 nt_row_id_25\">\n            <td>DECLARA\u00c7\u00c3O DE COTAS PARLAMENTARES (FEVEREIRO 2024)<\/td><td>11\/03\/2024<\/td><td>2024<\/td><td>fevereiro<\/td><td><a target=\"_blank\"  class=\"nt_btn nt_rounded_btn\" style=\"color: rgba(250, 250, 250, 1);background-color: rgba(19, 191, 151, 1);border-color: rgba(19, 191, 151, 1);\" rel=\"\" href=\"https:\/\/cmsucupiradoriachao.ma.gov.br\/transparencia\/wp-content\/uploads\/2024\/03\/DECLARACAO-DE-COTAS.pdf\">Download<\/a><\/td>        <\/tr>\n            <tr data-row_id=\"26\" class=\"ninja_table_row_26 nt_row_id_26\">\n            <td>DECLARA\u00c7\u00c3O COTAS PARLAMENTARES (JANEIRO 2024)<\/td><td>09\/02\/2024<\/td><td>2024<\/td><td>janeiro<\/td><td><a target=\"_blank\"  class=\"nt_btn nt_rounded_btn\" style=\"color: rgba(250, 250, 250, 1);background-color: rgba(19, 191, 151, 1);border-color: rgba(19, 191, 151, 1);\" rel=\"\" href=\"https:\/\/cmsucupiradoriachao.ma.gov.br\/transparencia\/wp-content\/uploads\/2024\/02\/CamScanner-23-02-2024-08.54.pdf\">Download<\/a><\/td>        <\/tr>\n            <tr data-row_id=\"27\" class=\"ninja_table_row_27 nt_row_id_27\">\n            <td>DECLARA\u00c7\u00c3O COTAS PARLAMENTARES<\/td><td>09\/01\/2024<\/td><td>2023<\/td><td>dezembro<\/td><td><a target=\"_blank\"  class=\"nt_btn nt_rounded_btn\" style=\"color: rgba(250, 250, 250, 1);background-color: rgba(19, 191, 151, 1);border-color: rgba(19, 191, 151, 1);\" rel=\"\" href=\"https:\/\/cmsucupiradoriachao.ma.gov.br\/transparencia\/wp-content\/uploads\/2024\/01\/DECLARACAO_COTAS_DEZEMBRO_2023.pdf\">Download<\/a><\/td>        <\/tr>\n            <tr data-row_id=\"28\" class=\"ninja_table_row_28 nt_row_id_28\">\n            <td>DECLARA\u00c7\u00c3O - COTAS PARLAMENTARES (NOVEMBRO)<\/td><td>04\/12\/2023<\/td><td>2023<\/td><td>novembro<\/td><td><a target=\"_blank\"  class=\"nt_btn nt_rounded_btn\" style=\"color: rgba(250, 250, 250, 1);background-color: rgba(19, 191, 151, 1);border-color: rgba(19, 191, 151, 1);\" rel=\"\" href=\"https:\/\/cmsucupiradoriachao.ma.gov.br\/transparencia\/wp-content\/uploads\/2023\/12\/DECLARACAO-DE-COTAS-.pdf\">Download<\/a><\/td>        <\/tr>\n            <tr data-row_id=\"29\" class=\"ninja_table_row_29 nt_row_id_29\">\n            <td>DECLARA\u00c7\u00c3O - COTAS PARLAMENTARES (OUTUBRO)<\/td><td>01\/11\/2023<\/td><td>2023<\/td><td>novembro<\/td><td><a target=\"_blank\"  class=\"nt_btn nt_rounded_btn\" style=\"color: rgba(250, 250, 250, 1);background-color: rgba(19, 191, 151, 1);border-color: rgba(19, 191, 151, 1);\" rel=\"\" href=\"https:\/\/cmsucupiradoriachao.ma.gov.br\/transparencia\/wp-content\/uploads\/2023\/11\/DECLARACAO_COTAS_OUTUBRO_2023_assinado-1.pdf\">Download<\/a><\/td>        <\/tr>\n            <tr data-row_id=\"30\" class=\"ninja_table_row_30 nt_row_id_30\">\n            <td>Cotas Parlamentares \u2013 Declara\u00e7\u00e3o<\/td><td>01\/09\/2023<\/td><td>2023<\/td><td>setembro<\/td><td><a target=\"_blank\"  class=\"nt_btn nt_rounded_btn\" style=\"color: rgba(250, 250, 250, 1);background-color: rgba(19, 191, 151, 1);border-color: rgba(19, 191, 151, 1);\" rel=\"\" href=\"https:\/\/cmsucupiradoriachao.ma.gov.br\/transparencia\/wp-content\/uploads\/2023\/10\/CamScanner-20-10-2023-09.49.pdf\">Download<\/a><\/td>        <\/tr>\n            <tr data-row_id=\"31\" class=\"ninja_table_row_31 nt_row_id_31\">\n            <td>Cotas Parlamentares \u2013 Declara\u00e7\u00e3o<\/td><td>01\/08\/2023<\/td><td>2023<\/td><td>agosto<\/td><td><a target=\"_blank\"  class=\"nt_btn nt_rounded_btn\" style=\"color: rgba(250, 250, 250, 1);background-color: rgba(19, 191, 151, 1);border-color: rgba(19, 191, 151, 1);\" rel=\"\" href=\"https:\/\/cmsucupiradoriachao.ma.gov.br\/transparencia\/wp-content\/uploads\/2023\/10\/CamScanner-20-10-2023-09.46.pdf\">Download<\/a><\/td>        <\/tr>\n            <tr data-row_id=\"32\" class=\"ninja_table_row_32 nt_row_id_32\">\n            <td>Cotas Parlamentares - Declara\u00e7\u00e3o<\/td><td>21\/07\/2023<\/td><td><\/td><td><\/td><td><a target=\"_blank\"  class=\"nt_btn nt_rounded_btn\" style=\"color: rgba(250, 250, 250, 1);background-color: rgba(19, 191, 151, 1);border-color: rgba(19, 191, 151, 1);\" rel=\"\" href=\"https:\/\/cmsucupiradoriachao.ma.gov.br\/transparencia\/wp-content\/uploads\/2023\/07\/CamScanner-21-07-2023-10.28-1.pdf\">Download<\/a><\/td>        <\/tr>\n            <tr data-row_id=\"33\" class=\"ninja_table_row_33 nt_row_id_33\">\n            <td>Declara\u00e7\u00e3o de Cotas Parlamentares<\/td><td>21\/07\/2023<\/td><td><\/td><td><\/td><td><a target=\"_blank\"  class=\"nt_btn nt_rounded_btn\" style=\"color: rgba(250, 250, 250, 1);background-color: rgba(19, 191, 151, 1);border-color: rgba(19, 191, 151, 1);\" rel=\"\" href=\"https:\/\/cmsucupiradoriachao.ma.gov.br\/transparencia\/wp-content\/uploads\/2023\/07\/CamScanner-21-07-2023-10.28.pdf\">Download<\/a><\/td>        <\/tr>\n            <tr data-row_id=\"34\" class=\"ninja_table_row_34 nt_row_id_34\">\n            <td>Cotas Parlamentares \u2013 Declara\u00e7\u00e3o 2023<\/td><td>19\/07\/2023<\/td><td><\/td><td><\/td><td><a target=\"_blank\"  class=\"nt_btn nt_rounded_btn\" style=\"color: rgba(250, 250, 250, 1);background-color: rgba(19, 191, 151, 1);border-color: rgba(19, 191, 151, 1);\" rel=\"\" href=\"https:\/\/cmsucupiradoriachao.ma.gov.br\/transparencia\/wp-content\/uploads\/2023\/08\/CamScanner-19-07-2023-11.521.pdf\">Download<\/a><\/td>        <\/tr>\n            <tr data-row_id=\"35\" class=\"ninja_table_row_35 nt_row_id_35\">\n            <td>Cotas Parlamentares - Declara\u00e7\u00e3o<\/td><td>15\/12\/2021<\/td><td>2021<\/td><td>dezembro<\/td><td><a target=\"_blank\"  class=\"nt_btn nt_rounded_btn\" style=\"color: rgba(250, 250, 250, 1);background-color: rgba(19, 191, 151, 1);border-color: rgba(19, 191, 151, 1);\" rel=\"\" href=\"https:\/\/cmsucupiradoriachao.ma.gov.br\/transparencia\/wp-content\/uploads\/2022\/03\/DECLARACAO-2-1.pdf\">Download<\/a><\/td>        <\/tr>\n            <tr data-row_id=\"36\" class=\"ninja_table_row_36 nt_row_id_36\">\n            <td>Cotas Parlamentares - Declara\u00e7\u00e3o<\/td><td>19\/08\/2021<\/td><td>2021<\/td><td>agosto<\/td><td><a target=\"_blank\"  class=\"nt_btn nt_rounded_btn\" style=\"color: rgba(250, 250, 250, 1);background-color: rgba(19, 191, 151, 1);border-color: rgba(19, 191, 151, 1);\" rel=\"\" href=\"https:\/\/cmsucupiradoriachao.ma.gov.br\/transparencia\/wp-content\/uploads\/2021\/08\/Declaracao.pdf\">Download<\/a><\/td>        <\/tr>\n    <\/tbody><!--ninja_tobody_rendering_done-->\n    <\/table>\n    \n    \n    \n<\/div>\n\n","protected":false},"excerpt":{"rendered":"<p>Acesse as Cotas Parlamentares da C\u00e2mara Municipal &#8211; Divulga\u00e7\u00e3o a legisla\u00e7\u00e3o relacionada a gastos dos parlamentares<\/p>\n","protected":false},"author":10,"featured_media":6879,"parent":0,"menu_order":0,"comment_status":"closed","ping_status":"closed","template":"","meta":{"_acf_changed":false,"footnotes":""},"class_list":["post-6878","page","type-page","status-publish","has-post-thumbnail","hentry"],"acf":[],"_links":{"self":[{"href":"https:\/\/cmsucupiradoriachao.ma.gov.br\/transparencia\/wp-json\/wp\/v2\/pages\/6878","targetHints":{"allow":["GET"]}}],"collection":[{"href":"https:\/\/cmsucupiradoriachao.ma.gov.br\/transparencia\/wp-json\/wp\/v2\/pages"}],"about":[{"href":"https:\/\/cmsucupiradoriachao.ma.gov.br\/transparencia\/wp-json\/wp\/v2\/types\/page"}],"author":[{"embeddable":true,"href":"https:\/\/cmsucupiradoriachao.ma.gov.br\/transparencia\/wp-json\/wp\/v2\/users\/10"}],"replies":[{"embeddable":true,"href":"https:\/\/cmsucupiradoriachao.ma.gov.br\/transparencia\/wp-json\/wp\/v2\/comments?post=6878"}],"version-history":[{"count":3,"href":"https:\/\/cmsucupiradoriachao.ma.gov.br\/transparencia\/wp-json\/wp\/v2\/pages\/6878\/revisions"}],"predecessor-version":[{"id":11662,"href":"https:\/\/cmsucupiradoriachao.ma.gov.br\/transparencia\/wp-json\/wp\/v2\/pages\/6878\/revisions\/11662"}],"wp:featuredmedia":[{"embeddable":true,"href":"https:\/\/cmsucupiradoriachao.ma.gov.br\/transparencia\/wp-json\/wp\/v2\/media\/6879"}],"wp:attachment":[{"href":"https:\/\/cmsucupiradoriachao.ma.gov.br\/transparencia\/wp-json\/wp\/v2\/media?parent=6878"}],"curies":[{"name":"wp","href":"https:\/\/api.w.org\/{rel}","templated":true}]}}